{"id":7,"date":"2022-02-07T05:54:48","date_gmt":"2022-02-07T05:54:48","guid":{"rendered":"http:\/\/lmsdemo.loc\/lms-white\/?page_id=7"},"modified":"2025-04-08T08:58:14","modified_gmt":"2025-04-08T08:58:14","slug":"home","status":"publish","type":"page","link":"https:\/\/municipiods.com\/academy\/","title":{"rendered":"Home"},"content":{"rendered":"<div class=\"wpb-content-wrapper\"><p>[vc_row css=&#8221;.vc_custom_1732537339449{margin-bottom: 0px !important;}&#8221;][vc_column css=&#8221;.vc_custom_1536745834183{margin-bottom: 0px !important;}&#8221;][\/vc_column][\/vc_row][vc_row css=&#8221;.vc_custom_1732537390048{padding-top: 8% !important;}&#8221;][vc_column][vc_row_inner equal_height=&#8221;yes&#8221; content_placement=&#8221;middle&#8221;][vc_column_inner width=&#8221;1\/2&#8243;][vc_single_image image=&#8221;6590&#8243; img_size=&#8221;full&#8221; css=&#8221;&#8221;][\/vc_column_inner][vc_column_inner width=&#8221;1\/2&#8243;][vc_column_text css=&#8221;&#8221;]<\/p>\n<h3>Mancomunidad Alto Palancia<\/h3>\n<h2>PALANCIACT\u00daA: Territorio y sostenibilidad<\/h2>\n<p class=\"\" data-start=\"190\" data-end=\"579\">La Mancomunidad del Alto Palancia impulsa el curso formativo <strong data-start=\"251\" data-end=\"338\">\u201cTerritorio y Sostenibilidad. Claves para un futuro sostenible en el Alto Palancia\u201d<\/strong>, una propuesta para activar el compromiso local con los Objetivos de Desarrollo Sostenible.<br data-start=\"430\" data-end=\"433\" \/>A trav\u00e9s de tres m\u00f3dulos tem\u00e1ticos y un caso de \u00e9xito, descubrir\u00e1s c\u00f3mo aplicar los principios de sostenibilidad en el d\u00eda a d\u00eda del territorio.<\/p>\n<p class=\"\" data-start=\"581\" data-end=\"616\"><strong data-start=\"581\" data-end=\"616\">S\u00famate al cambio. PALANCIACT\u00daA.<\/strong><\/p>\n<p>[\/vc_column_text][vc_btn title=&#8221;Ver el curso&#8221; color=&#8221;purple&#8221; css=&#8221;&#8221; link=&#8221;url:https%3A%2F%2Fmunicipiods.com%2Facademy%2Fcursos%2Fpalanciactua-territorio-y-sostenibilidad%2F|target:_blank&#8221;][\/vc_column_inner][\/vc_row_inner][\/vc_column][\/vc_row][vc_row css=&#8221;.vc_custom_1732533522029{padding-top: 8% !important;padding-bottom: 8% !important;}&#8221;][vc_column][vc_row_inner][vc_column_inner width=&#8221;1\/2&#8243;][vc_column_text]<\/p>\n<h2 style=\"color: ##e69d44;\">\u00a1Arranca el M\u00f3dulo III: Impacto econ\u00f3mico!<\/h2>\n<p>Es momento de dar el siguiente paso hacia la transformaci\u00f3n sostenible. Este m\u00f3dulo te brindar\u00e1 estrategias, herramientas y financiaci\u00f3n para impulsar proyectos reales en tu territorio.<\/p>\n<p><strong>\u00bfQu\u00e9 aprender\u00e1s?<\/strong><\/p>\n<ul>\n<li>Patrimonio y cultura como motores de desarrollo<\/li>\n<li>Estrategias para Smart Cities y Smart Villages<\/li>\n<li>Econom\u00eda circular, social y sostenible<\/li>\n<li>Acceso a ayudas, subvenciones y financiaci\u00f3n<\/li>\n<\/ul>\n<p><strong>Importante:<\/strong> Env\u00eda tu matr\u00edcula completada a academy@municipiods.com para asegurar tu participaci\u00f3n.<\/p>\n<p>\u00a1Prep\u00e1rate para un m\u00f3dulo lleno de acci\u00f3n, aprendizaje y transformaci\u00f3n! Nos vemos en clase.[\/vc_column_text][vc_btn title=&#8221;Ver el curso&#8221; color=&#8221;success&#8221; link=&#8221;url:https%3A%2F%2Fmunicipiods.com%2Facademy%2Fcursos%2Fmodulo-3-impacto-economico%2F|target:_blank&#8221;][\/vc_column_inner][vc_column_inner width=&#8221;1\/2&#8243;][vc_single_image image=&#8221;6455&#8243; img_size=&#8221;full&#8221;][\/vc_column_inner][\/vc_row_inner][\/vc_column][\/vc_row][vc_row css=&#8221;.vc_custom_1732537390048{padding-top: 8% !important;}&#8221;][vc_column][vc_row_inner equal_height=&#8221;yes&#8221; content_placement=&#8221;middle&#8221;][vc_column_inner width=&#8221;1\/2&#8243;][vc_single_image image=&#8221;6289&#8243; img_size=&#8221;full&#8221;][\/vc_column_inner][vc_column_inner width=&#8221;1\/2&#8243;][vc_column_text]<\/p>\n<h3>Curso de Homologaci\u00f3n mODS para t\u00e9cnico l\u00edder en sostenibilidad<\/h3>\n<h2>Certif\u00edcate como t\u00e9cnico\/a l\u00edder en sostenibilidad: Liderando el Desarrollo Sostenible Local<\/h2>\n<p>El <em>Curso de Homologaci\u00f3n mODS para t\u00e9cnico\/a l\u00edder en sostenibilidad<\/em> est\u00e1 dise\u00f1ado espec\u00edficamente para profesionales del \u00e1mbito de la sostenibilidad que buscan certificar y consolidar sus competencias en los <strong>Objetivos de Desarrollo Sostenible (ODS)<\/strong> y la <strong>Agenda 2030<\/strong>. Este programa formativo no solo acredita el conocimiento de los participantes, sino que los capacita para liderar proyectos sostenibles en entornos locales y municipales, adapt\u00e1ndose a las pol\u00edticas y normativas actuales.[\/vc_column_text][vc_btn title=&#8221;Ver el curso&#8221; color=&#8221;primary&#8221; link=&#8221;url:https%3A%2F%2Fmunicipiods.com%2Facademy%2Fcourses%2Fhomologacion-mods-para-tecnicoa-lider-en-sostenibilidad%2F|target:_blank&#8221;][\/vc_column_inner][\/vc_row_inner][\/vc_column][\/vc_row][vc_row css=&#8221;.vc_custom_1732533522029{padding-top: 8% !important;padding-bottom: 8% !important;}&#8221;][vc_column][vc_row_inner][vc_column_inner width=&#8221;1\/2&#8243;][vc_column_text]<\/p>\n<h2 style=\"color: ##e69d44;\">El ADN de Tierra Bobal &#8211; Introducci\u00f3n a la Sostenibilidad en el Territorio<\/h2>\n<p>El curso formativo <em>\u2018Territorio y Sostenibilidad. El ADN de Tierra Bobal\u2019<\/em> ofrece una inmersi\u00f3n en los fundamentos de la sostenibilidad aplicada al contexto del territorio Tierra Bobal, un espacio con un rico patrimonio natural y cultural. Dise\u00f1ado para abordar los desaf\u00edos actuales y aprovechar las oportunidades de desarrollo sostenible, este programa educativo proporciona herramientas esenciales para comprender e implementar pr\u00e1cticas sostenibles en el \u00e1mbito local.[\/vc_column_text][vc_btn title=&#8221;Ver el curso&#8221; color=&#8221;warning&#8221; link=&#8221;url:https%3A%2F%2Fmunicipiods.com%2Facademy%2Fcursos%2Fintroduccion-a-la-sostenibilidad-en-el-territorio-tierra-bobal%2F|target:_blank&#8221;][\/vc_column_inner][vc_column_inner width=&#8221;1\/2&#8243;][vc_single_image image=&#8221;6232&#8243; img_size=&#8221;full&#8221;][\/vc_column_inner][\/vc_row_inner][\/vc_column][\/vc_row][vc_row][vc_column][stm_lms_courses_grid hide_load_more=&#8221;hidden&#8221; hide_sort=&#8221;hidden&#8221; per_row=&#8221;4&#8243; course_card_style=&#8221;style_3&#8243; image_size=&#8221;1024&#215;1024&#8243; title=&#8221;Curso: Experto\/a universitario en Sostenibilidad en Municipios y Ciudades&#8221; posts_per_page=&#8221;3&#8243; taxonomy_default=&#8221;48, 49, 50&#8243;][\/vc_column][\/vc_row][vc_row disable_element=&#8221;yes&#8221; css=&#8221;.vc_custom_1732537411757{margin-bottom: 44px !important;}&#8221;][vc_column][stm_lms_courses_categories number=&#8221;4&#8243; style=&#8221;style_4&#8243; css=&#8221;.vc_custom_1695890192526{margin-top: -147px !important;}&#8221;][\/vc_column][\/vc_row][vc_row full_width=&#8221;stretch_row&#8221; parallax=&#8221;content-moving&#8221; parallax_image=&#8221;5529&#8243; parallax_speed_bg=&#8221;1.6&#8243; disable_element=&#8221;yes&#8221; css=&#8221;.vc_custom_1695898866932{margin-bottom: 0px !important;padding-top: 29px !important;padding-bottom: 60px !important;}&#8221; el_class=&#8221;stm_fixed_background&#8221;][vc_column width=&#8221;1\/2&#8243;][vc_empty_space height=&#8221;42px&#8221;][vc_custom_heading text=&#8221;\u00bfEs tu municipio sostenible?&#8221; font_container=&#8221;tag:h2|text_align:center|color:%23ffffff&#8221; use_theme_fonts=&#8221;yes&#8221; css=&#8221;.vc_custom_1695898741062{margin-bottom: 51px !important;}&#8221;][vc_row_inner][vc_column_inner][vc_column_text css=&#8221;.vc_custom_1695898729609{margin-bottom: 11px !important;}&#8221;][\/vc_column_text][\/vc_column_inner][\/vc_row_inner][vc_empty_space height=&#8221;48px&#8221;][\/vc_column][vc_column width=&#8221;1\/2&#8243;][vc_row_inner][vc_column_inner][vc_column_text css=&#8221;.vc_custom_1695898839639{margin-bottom: 11px !important;}&#8221;]<\/p>\n<p>Sin la participaci\u00f3n de los Gobiernos Locales, resultar\u00e1 inviable llevar a cabo la ejecuci\u00f3n de los Objetivos de Desarrollo Sostenible de la Agenda 2030 en el \u00e1mbito territorial.<\/p>\n<p>La Agenda 2030 no representa \u00fanicamente el futuro, sino que constituye una realidad presente, y esta realidad comienza con nuestra acci\u00f3n. Antic\u00edpate y prepara a tu Municipio para la realizaci\u00f3n de los ODS y la Agenda 2030 de las Naciones Unidas a trav\u00e9s del programa de experto universitario en sostenibilidad en municipios y ciudades, ofrecido por la C\u00e1tedra Kiwa de la Universidad Polit\u00e9cnica de Valencia.<\/p>\n<p>[\/vc_column_text][\/vc_column_inner][\/vc_row_inner][\/vc_column][\/vc_row][vc_row full_width=&#8221;stretch_row&#8221; parallax=&#8221;content-moving&#8221; parallax_image=&#8221;1164&#8243; parallax_speed_bg=&#8221;1.6&#8243; disable_element=&#8221;yes&#8221; css=&#8221;.vc_custom_1695898771958{margin-bottom: 0px !important;padding-top: 29px !important;padding-bottom: 60px !important;}&#8221; el_class=&#8221;stm_fixed_background&#8221;][vc_column][vc_empty_space height=&#8221;42px&#8221;][vc_custom_heading text=&#8221;SCHOOL ACHIEVEMENTS&#8221; font_container=&#8221;tag:h2|text_align:center|color:%23ffffff&#8221; use_theme_fonts=&#8221;yes&#8221; css=&#8221;.vc_custom_1536823512323{margin-bottom: 51px !important;}&#8221;][vc_row_inner][vc_column_inner][vc_column_text css=&#8221;.vc_custom_1437037943778{margin-bottom: 11px !important;}&#8221;]<\/p>\n<h4 style=\"text-align: center;\"><span style=\"color: #ffffff;\">Here you can review some statistics about our Education Center<\/span><\/h4>\n<p>[\/vc_column_text][\/vc_column_inner][\/vc_row_inner][vc_row_inner css=&#8221;.vc_custom_1436163882282{margin-bottom: 46px !important;}&#8221;][vc_column_inner width=&#8221;1\/4&#8243;][stm_stats_counter counter_value=&#8221;94532&#8243; icon=&#8221;fa-icon-stm_icon_earth&#8221; icon_height=&#8221;72&#8243; title=&#8221;Foreign followers&#8221; icon_text_color=&#8221;#ffffff&#8221;][\/vc_column_inner][vc_column_inner width=&#8221;1\/4&#8243;][stm_stats_counter counter_value=&#8221;11223&#8243; icon=&#8221;fa-icon-stm_icon_alarm&#8221; icon_size=&#8221;71&#8243; icon_height=&#8221;72&#8243; title=&#8221;Classes complete&#8221;][\/vc_column_inner][vc_column_inner width=&#8221;1\/4&#8243;][stm_stats_counter counter_value=&#8221;282673&#8243; icon=&#8221;fa-icon-stm_icon_users&#8221; icon_height=&#8221;72&#8243; title=&#8221;Students enrolled&#8221;][\/vc_column_inner][vc_column_inner width=&#8221;1\/4&#8243;][stm_stats_counter counter_value=&#8221;37&#8243; icon=&#8221;fa-icon-stm_icon_briefcase&#8221; icon_height=&#8221;72&#8243; title=&#8221;Certified teachers&#8221;][\/vc_column_inner][\/vc_row_inner][vc_empty_space height=&#8221;48px&#8221;][\/vc_column][\/vc_row][vc_row full_width=&#8221;stretch_row&#8221; disable_element=&#8221;yes&#8221; css=&#8221;.vc_custom_1695891005818{margin-bottom: 0px !important;background-image: url(https:\/\/stylemixthemes.com\/masterstudy\/demoimages\/classic_lms\/teacher_bg.jpg?id=1163) !important;background-position: center !important;background-repeat: no-repeat !important;background-size: cover !important;}&#8221; el_class=&#8221;overflowed_content&#8221;][vc_column][stm_lms_featured_teacher instructor=&#8221;1&#8243; image=&#8221;1162&#8243; position=&#8221;Professor of Business Administration&#8221; bio=&#8221;Lorem ipsum dolor sit amet, consectetur adipisicing elit, sed do eiusmod tempor incididunt ut labore et dolore magna aliqua. Ut enim ad minim veniam, quis nostrud exercitation ullamco laboris nisi ut aliquip ex ea commodo consequat.&#8221;][\/vc_column][\/vc_row][vc_row full_width=&#8221;stretch_row&#8221; disable_element=&#8221;yes&#8221; el_class=&#8221;sbc&#8221; css=&#8221;.vc_custom_1695890978210{margin-bottom: 0px !important;}&#8221;][vc_column offset=&#8221;vc_col-lg-7 vc_col-md-7&#8243;][vc_empty_space height=&#8221;27px&#8221;][vc_custom_heading text=&#8221;Subscribe our newsletter&#8221; font_container=&#8221;tag:h4|font_size:19|text_align:left|color:%23ffffff|line_height:22px&#8221; use_theme_fonts=&#8221;yes&#8221;][vc_custom_heading text=&#8221;There are many variations of passages of Lorem Ipsum available, but the majority have suffered alteration in some form, by injected humour, or randomised words&#8221; font_container=&#8221;tag:h5|font_size:15|text_align:left|color:%23ffffff|line_height:22px&#8221; use_theme_fonts=&#8221;yes&#8221; el_class=&#8221;fwl&#8221;][vc_empty_space height=&#8221;50px&#8221; tablet_height=&#8221;0&#8243;][\/vc_column][vc_column offset=&#8221;vc_col-lg-5 vc_col-md-5&#8243;][vc_empty_space height=&#8221;18px&#8221;][stm_mailchimp title=&#8221;Your e-mail address&#8221; title_color=&#8221;#ffffff&#8221;][vc_empty_space height=&#8221;50px&#8221;][\/vc_column][\/vc_row][vc_row disable_element=&#8221;yes&#8221; css=&#8221;.vc_custom_1695890985586{margin-bottom: 28px !important;}&#8221;][vc_column][vc_empty_space height=&#8221;107px&#8221; tablet_height=&#8221;70&#8243; mobile_height=&#8221;50&#8243;][vc_custom_heading text=&#8221;MASTERSTUDY BLOG&#8221; font_container=&#8221;tag:h2|text_align:center&#8221; use_theme_fonts=&#8221;yes&#8221; css=&#8221;.vc_custom_1536828728541{margin-bottom: -13px !important;}&#8221;][vc_row_inner css=&#8221;.vc_custom_1536751636857{margin-bottom: 47px !important;}&#8221;][vc_column_inner][stm_color_separator css=&#8221;.vc_custom_1437023252855{margin-top: 7px !important;margin-bottom: 0px !important;}&#8221;][\/vc_column_inner][\/vc_row_inner][vc_row_inner][vc_column_inner][stm_post_list post_list_per_row=&#8221;3&#8243; post_list_show_date=&#8221;true&#8221; post_list_show_cats=&#8221;true&#8221; post_list_show_tags=&#8221;true&#8221; post_list_show_comments=&#8221;true&#8221; post_list_per_page=&#8221;3&#8243;][\/vc_column_inner][\/vc_row_inner][\/vc_column][\/vc_row][vc_row][vc_column][stm_experts expert_slides_per_row=&#8221;2&#8243; experts_title=&#8221;NUESTROS PROFESORES&#8221; experts_max_num=&#8221;6&#8243;][\/vc_column][\/vc_row]<\/p>\n<\/div>","protected":false},"excerpt":{"rendered":"<p>[vc_row css=&#8221;.vc_custom_1732537339449{margin-bottom: 0px !important;}&#8221;][vc_column css=&#8221;.vc_custom_1536745834183{margin-bottom: 0px !important;}&#8221;][\/vc_column][\/vc_row][vc_row css=&#8221;.vc_custom_1732537390048{padding-top: 8% !important;}&#8221;][vc_column][vc_row_inner equal_height=&#8221;yes&#8221; content_placement=&#8221;middle&#8221;][vc_column_inner width=&#8221;1\/2&#8243;][vc_single_image image=&#8221;6590&#8243; img_size=&#8221;full&#8221; css=&#8221;&#8221;][\/vc_column_inner][vc_column_inner width=&#8221;1\/2&#8243;][vc_column_text css=&#8221;&#8221;] Mancomunidad Alto Palancia PALANCIACT\u00daA: Territorio y sostenibilidad La Mancomunidad del Alto Palancia impulsa el curso formativo \u201cTerritorio y Sostenibilidad. Claves para un futuro sostenible en el Alto Palancia\u201d, una propuesta para activar el compromiso local con los [&hellip;]<\/p>\n","protected":false},"author":1,"featured_media":1169,"parent":0,"menu_order":0,"comment_status":"closed","ping_status":"closed","template":"","meta":{"footnotes":""},"class_list":["post-7","page","type-page","status-publish","has-post-thumbnail","hentry"],"_links":{"self":[{"href":"https:\/\/municipiods.com\/academy\/wp-json\/wp\/v2\/pages\/7","targetHints":{"allow":["GET"]}}],"collection":[{"href":"https:\/\/municipiods.com\/academy\/wp-json\/wp\/v2\/pages"}],"about":[{"href":"https:\/\/municipiods.com\/academy\/wp-json\/wp\/v2\/types\/page"}],"author":[{"embeddable":true,"href":"https:\/\/municipiods.com\/academy\/wp-json\/wp\/v2\/users\/1"}],"replies":[{"embeddable":true,"href":"https:\/\/municipiods.com\/academy\/wp-json\/wp\/v2\/comments?post=7"}],"version-history":[{"count":0,"href":"https:\/\/municipiods.com\/academy\/wp-json\/wp\/v2\/pages\/7\/revisions"}],"wp:featuredmedia":[{"embeddable":true,"href":"https:\/\/municipiods.com\/academy\/wp-json\/wp\/v2\/media\/1169"}],"wp:attachment":[{"href":"https:\/\/municipiods.com\/academy\/wp-json\/wp\/v2\/media?parent=7"}],"curies":[{"name":"wp","href":"https:\/\/api.w.org\/{rel}","templated":true}]}}